{"id":241979,"date":"2026-01-28T17:29:31","date_gmt":"2026-01-28T16:29:31","guid":{"rendered":"https:\/\/royalwell.demannenachterdeschermen.nl\/product\/wandgewaechshaus-emma-ii-in-gruen-grau\/"},"modified":"2026-04-24T13:51:56","modified_gmt":"2026-04-24T11:51:56","slug":"wandgewaechshaus-emma-ii-in-gruen-grau","status":"publish","type":"product","link":"https:\/\/royalwell.demannenachterdeschermen.nl\/de\/produkt\/wandgewaechshaus-emma-ii-in-gruen-grau\/","title":{"rendered":"Wandgew\u00e4chshaus Emma II in Gr\u00fcn-Grau"},"content":{"rendered":"<p>Das Wandgew\u00e4chshaus Emma II in der Farbe Graugr\u00fcn (RAL 7009) ist ideal f\u00fcr (angehende) G\u00e4rtner, die sich an selbst angebauten Kr\u00e4utern, Gem\u00fcse, Blumen und\/oder Pflanzen erfreuen m\u00f6chten. Dank ihrer gro\u00dfz\u00fcgigen Abmessungen von 194 x 69 x 194 cm (BxTxH) passt die Wandg\u00e4rtnerbox Emma perfekt in jeden kompakten Garten, auf den Balkon oder an den Rand der Terrasse. So hast du immer frische Kr\u00e4uter und Pflanzen griffbereit. Ist dieses Wandgew\u00e4chshaus doch zu gro\u00df f\u00fcr Sie? Dann schauen Sie sich doch einmal das Modell <a href=\"https:\/\/royalwell.demannenachterdeschermen.nl\/de\/produkt\/wandgewaechshaus-emma-i-in-gruengrau\/\">Emma I<\/a> an. Mit einer Breite von 132 cm bietet dieses vielleicht genau die passende L\u00f6sung.     <\/p>\n<p>Dieses Modell ist serienm\u00e4\u00dfig mit 3 mm Sicherheitsglas ausgestattet, das mit eleganten Verglasungsleisten in der gleichen Farbe wie der Rahmen fest verankert ist. Dar\u00fcber hinaus wird dieses Wandgew\u00e4chshaus mit einem farblich passenden Fundament geliefert, das f\u00fcr einen soliden Stand sorgt. Das Gew\u00e4chshaus verf\u00fcgt \u00fcber eine zentral angeordnete Einzelschiebet\u00fcr und ein Dachfenster mit Ausstellvorrichtung, was f\u00fcr eine optimale Bel\u00fcftung sorgt. Neben der Ausf\u00fchrung in Graugr\u00fcn ist das Wandgew\u00e4chshaus Emma II auch in den Farben <a href=\"https:\/\/royalwell.demannenachterdeschermen.nl\/de\/produkt\/wandgewaechshaus-emma-ii-in-weiss\/\">Wei\u00df (RAL 9010)<\/a> und <a href=\"https:\/\/royalwell.demannenachterdeschermen.nl\/de\/produkt\/wandgewaechshaus-emma-ii-schwarz\/\">Schwarz (RAL 9005)<\/a> erh\u00e4ltlich. Die Profile haben eine matte Oberfl\u00e4che.   <\/p>\n<p>F\u00fcr beste Ergebnisse und optimalen Garten- und Anbaugenuss sollte das Wandgew\u00e4chshaus an einer festen und stabilen R\u00fcckwand aufgestellt werden. Ganz gleich, ob du ein erfahrener G\u00e4rtner bist oder gerade erst anf\u00e4ngst: Mit dem Wandgew\u00e4chshaus \u201eEmma\u201c von Royal Well verwandelst du selbst den kleinsten Raum in einen Ort voller frischem Gem\u00fcse und Kr\u00e4utern. <\/p>\n","protected":false},"excerpt":{"rendered":"<p>Das Wandgew\u00e4chshaus Emma II in der Farbe Gr\u00fcngrau (RAL 7009) ist ideal f\u00fcr (angehende) G\u00e4rtner, die sich an selbst angebauten Kr\u00e4utern, Gem\u00fcse, Blumen und\/oder Pflanzen erfreuen m\u00f6chten. Dank ihrer gro\u00dfz\u00fcgigen Abmessungen von 194 x 69 x 194 cm (Breite x Tiefe x H\u00f6he) passt die Wandg\u00e4rtnerbox Emma perfekt in jeden kompakten Garten, auf den Balkon oder an den Rand der Terrasse. So hast du immer frische Kr\u00e4uter und Pflanzen griffbereit.  <\/p>\n<ul>\n<li>Lackiert in der Farbe Graugr\u00fcn RAL 7009<\/li>\n<li>Geeignet f\u00fcr kleine G\u00e4rten oder den Balkon<\/li>\n<li>Inklusive stabilem Fundament<\/li>\n<li>3 mm Sicherheitsglas<\/li>\n<li>Inklusive farbiger Kunststoff-Verglasungsleisten<\/li>\n<\/ul>\n<div class=\"et_pb_button_module_wrapper et_pb_button_0_tb_body_wrapper et_pb_module \"><a class=\"et_pb_button et_pb_button_0_tb_body et_pb_bg_layout_light\" href=\"\/manuals\/Handleiding_Emma.pdf\" target=\"_blank\" rel=\"noopener\">ANLEITUNG<\/a><\/div>\n","protected":false},"featured_media":241972,"template":"","meta":{"_et_pb_use_builder":"","_et_pb_old_content":"","_et_gb_content_width":""},"product_brand":[],"product_cat":[977],"product_tag":[],"class_list":{"0":"post-241979","1":"product","2":"type-product","3":"status-publish","4":"has-post-thumbnail","6":"product_cat-muurkassen","7":"pa_kleur-groengrijs","8":"pa_materiaal-glas-veiligheidsglas","9":"pa_merk-royal-well","10":"pa_productlijn-emma","11":"pa_productsoort-muurkas","13":"first","14":"instock","15":"taxable","16":"shipping-taxable","17":"purchasable","18":"product-type-simple"},"yoast_head":"<!-- This site is optimized with the Yoast SEO plugin v27.4 - https:\/\/yoast.com\/product\/yoast-seo-wordpress\/ -->\n<title>Wandgew\u00e4chshaus Emma II in Gr\u00fcn-Grau - Royal Well<\/title>\n<meta name=\"description\" content=\"Das Wandgew\u00e4chshaus Emma II in Gr\u00fcn-Grau ist ideal f\u00fcr (Anf\u00e4nger-)G\u00e4rtner, die sich an selbst angebauten Kr\u00e4utern, Gem\u00fcse, Blumen und\/oder Pflanzen erfreuen m\u00f6chten.\" \/>\n<meta name=\"robots\" content=\"noindex, follow, max-snippet:-1, max-image-preview:large, max-video-preview:-1\" \/>\n<meta property=\"og:locale\" content=\"de_DE\" \/>\n<meta property=\"og:type\" content=\"article\" \/>\n<meta property=\"og:title\" content=\"Wandgew\u00e4chshaus Emma II in Gr\u00fcn-Grau - Royal Well\" \/>\n<meta property=\"og:description\" content=\"Das Wandgew\u00e4chshaus Emma II in Gr\u00fcn-Grau ist ideal f\u00fcr (Anf\u00e4nger-)G\u00e4rtner, die sich an selbst angebauten Kr\u00e4utern, Gem\u00fcse, Blumen und\/oder Pflanzen erfreuen m\u00f6chten.\" \/>\n<meta property=\"og:url\" content=\"https:\/\/royalwell.demannenachterdeschermen.nl\/de\/produkt\/wandgewaechshaus-emma-ii-in-gruen-grau\/\" \/>\n<meta property=\"og:site_name\" content=\"Royal Well\" \/>\n<meta property=\"article:modified_time\" content=\"2026-04-24T11:51:56+00:00\" \/>\n<meta property=\"og:image\" content=\"https:\/\/royalwell.demannenachterdeschermen.nl\/wp-content\/uploads\/2025\/01\/08718215761327_F1-scaled.jpg\" \/>\n\t<meta property=\"og:image:width\" content=\"1707\" \/>\n\t<meta property=\"og:image:height\" content=\"2560\" \/>\n\t<meta property=\"og:image:type\" content=\"image\/jpeg\" \/>\n<meta name=\"twitter:card\" content=\"summary_large_image\" \/>\n<meta name=\"twitter:label1\" content=\"Gesch\u00e4tzte Lesezeit\" \/>\n\t<meta name=\"twitter:data1\" content=\"1\u00a0Minute\" \/>\n<script type=\"application\/ld+json\" class=\"yoast-schema-graph\">{\"@context\":\"https:\\\/\\\/schema.org\",\"@graph\":[{\"@type\":\"WebPage\",\"@id\":\"https:\\\/\\\/royalwell.demannenachterdeschermen.nl\\\/de\\\/produkt\\\/wandgewaechshaus-emma-ii-in-gruen-grau\\\/\",\"url\":\"https:\\\/\\\/royalwell.demannenachterdeschermen.nl\\\/de\\\/produkt\\\/wandgewaechshaus-emma-ii-in-gruen-grau\\\/\",\"name\":\"Wandgew\u00e4chshaus Emma II in Gr\u00fcn-Grau - Royal Well\",\"isPartOf\":{\"@id\":\"https:\\\/\\\/royalwell.demannenachterdeschermen.nl\\\/de\\\/#website\"},\"primaryImageOfPage\":{\"@id\":\"https:\\\/\\\/royalwell.demannenachterdeschermen.nl\\\/de\\\/produkt\\\/wandgewaechshaus-emma-ii-in-gruen-grau\\\/#primaryimage\"},\"image\":{\"@id\":\"https:\\\/\\\/royalwell.demannenachterdeschermen.nl\\\/de\\\/produkt\\\/wandgewaechshaus-emma-ii-in-gruen-grau\\\/#primaryimage\"},\"thumbnailUrl\":\"https:\\\/\\\/royalwell.demannenachterdeschermen.nl\\\/wp-content\\\/uploads\\\/2025\\\/01\\\/08718215761327_F1-scaled.jpg\",\"datePublished\":\"2026-01-28T16:29:31+00:00\",\"dateModified\":\"2026-04-24T11:51:56+00:00\",\"description\":\"Das Wandgew\u00e4chshaus Emma II in Gr\u00fcn-Grau ist ideal f\u00fcr (Anf\u00e4nger-)G\u00e4rtner, die sich an selbst angebauten Kr\u00e4utern, Gem\u00fcse, Blumen und\\\/oder Pflanzen erfreuen m\u00f6chten.\",\"breadcrumb\":{\"@id\":\"https:\\\/\\\/royalwell.demannenachterdeschermen.nl\\\/de\\\/produkt\\\/wandgewaechshaus-emma-ii-in-gruen-grau\\\/#breadcrumb\"},\"inLanguage\":\"de\",\"potentialAction\":[{\"@type\":\"ReadAction\",\"target\":[\"https:\\\/\\\/royalwell.demannenachterdeschermen.nl\\\/de\\\/produkt\\\/wandgewaechshaus-emma-ii-in-gruen-grau\\\/\"]}]},{\"@type\":\"ImageObject\",\"inLanguage\":\"de\",\"@id\":\"https:\\\/\\\/royalwell.demannenachterdeschermen.nl\\\/de\\\/produkt\\\/wandgewaechshaus-emma-ii-in-gruen-grau\\\/#primaryimage\",\"url\":\"https:\\\/\\\/royalwell.demannenachterdeschermen.nl\\\/wp-content\\\/uploads\\\/2025\\\/01\\\/08718215761327_F1-scaled.jpg\",\"contentUrl\":\"https:\\\/\\\/royalwell.demannenachterdeschermen.nl\\\/wp-content\\\/uploads\\\/2025\\\/01\\\/08718215761327_F1-scaled.jpg\",\"width\":1707,\"height\":2560},{\"@type\":\"BreadcrumbList\",\"@id\":\"https:\\\/\\\/royalwell.demannenachterdeschermen.nl\\\/de\\\/produkt\\\/wandgewaechshaus-emma-ii-in-gruen-grau\\\/#breadcrumb\",\"itemListElement\":[{\"@type\":\"ListItem\",\"position\":1,\"name\":\"Home\",\"item\":\"https:\\\/\\\/royalwell.demannenachterdeschermen.nl\\\/de\\\/\"},{\"@type\":\"ListItem\",\"position\":2,\"name\":\"Assortiment\",\"item\":\"https:\\\/\\\/royalwell.demannenachterdeschermen.nl\\\/assortiment\\\/\"},{\"@type\":\"ListItem\",\"position\":3,\"name\":\"Wandgew\u00e4chshaus Emma II in Gr\u00fcn-Grau\"}]},{\"@type\":\"WebSite\",\"@id\":\"https:\\\/\\\/royalwell.demannenachterdeschermen.nl\\\/de\\\/#website\",\"url\":\"https:\\\/\\\/royalwell.demannenachterdeschermen.nl\\\/de\\\/\",\"name\":\"Royal Well\",\"description\":\"Tuinkassen, kweekkassen, hobbykassen\",\"potentialAction\":[{\"@type\":\"SearchAction\",\"target\":{\"@type\":\"EntryPoint\",\"urlTemplate\":\"https:\\\/\\\/royalwell.demannenachterdeschermen.nl\\\/de\\\/?s={search_term_string}\"},\"query-input\":{\"@type\":\"PropertyValueSpecification\",\"valueRequired\":true,\"valueName\":\"search_term_string\"}}],\"inLanguage\":\"de\"}]}<\/script>\n<!-- \/ Yoast SEO plugin. -->","yoast_head_json":{"title":"Wandgew\u00e4chshaus Emma II in Gr\u00fcn-Grau - Royal Well","description":"Das Wandgew\u00e4chshaus Emma II in Gr\u00fcn-Grau ist ideal f\u00fcr (Anf\u00e4nger-)G\u00e4rtner, die sich an selbst angebauten Kr\u00e4utern, Gem\u00fcse, Blumen und\/oder Pflanzen erfreuen m\u00f6chten.","robots":{"index":"noindex","follow":"follow","max-snippet":"max-snippet:-1","max-image-preview":"max-image-preview:large","max-video-preview":"max-video-preview:-1"},"og_locale":"de_DE","og_type":"article","og_title":"Wandgew\u00e4chshaus Emma II in Gr\u00fcn-Grau - Royal Well","og_description":"Das Wandgew\u00e4chshaus Emma II in Gr\u00fcn-Grau ist ideal f\u00fcr (Anf\u00e4nger-)G\u00e4rtner, die sich an selbst angebauten Kr\u00e4utern, Gem\u00fcse, Blumen und\/oder Pflanzen erfreuen m\u00f6chten.","og_url":"https:\/\/royalwell.demannenachterdeschermen.nl\/de\/produkt\/wandgewaechshaus-emma-ii-in-gruen-grau\/","og_site_name":"Royal Well","article_modified_time":"2026-04-24T11:51:56+00:00","og_image":[{"width":1707,"height":2560,"url":"https:\/\/royalwell.demannenachterdeschermen.nl\/wp-content\/uploads\/2025\/01\/08718215761327_F1-scaled.jpg","type":"image\/jpeg"}],"twitter_card":"summary_large_image","twitter_misc":{"Gesch\u00e4tzte Lesezeit":"1\u00a0Minute"},"schema":{"@context":"https:\/\/schema.org","@graph":[{"@type":"WebPage","@id":"https:\/\/royalwell.demannenachterdeschermen.nl\/de\/produkt\/wandgewaechshaus-emma-ii-in-gruen-grau\/","url":"https:\/\/royalwell.demannenachterdeschermen.nl\/de\/produkt\/wandgewaechshaus-emma-ii-in-gruen-grau\/","name":"Wandgew\u00e4chshaus Emma II in Gr\u00fcn-Grau - Royal Well","isPartOf":{"@id":"https:\/\/royalwell.demannenachterdeschermen.nl\/de\/#website"},"primaryImageOfPage":{"@id":"https:\/\/royalwell.demannenachterdeschermen.nl\/de\/produkt\/wandgewaechshaus-emma-ii-in-gruen-grau\/#primaryimage"},"image":{"@id":"https:\/\/royalwell.demannenachterdeschermen.nl\/de\/produkt\/wandgewaechshaus-emma-ii-in-gruen-grau\/#primaryimage"},"thumbnailUrl":"https:\/\/royalwell.demannenachterdeschermen.nl\/wp-content\/uploads\/2025\/01\/08718215761327_F1-scaled.jpg","datePublished":"2026-01-28T16:29:31+00:00","dateModified":"2026-04-24T11:51:56+00:00","description":"Das Wandgew\u00e4chshaus Emma II in Gr\u00fcn-Grau ist ideal f\u00fcr (Anf\u00e4nger-)G\u00e4rtner, die sich an selbst angebauten Kr\u00e4utern, Gem\u00fcse, Blumen und\/oder Pflanzen erfreuen m\u00f6chten.","breadcrumb":{"@id":"https:\/\/royalwell.demannenachterdeschermen.nl\/de\/produkt\/wandgewaechshaus-emma-ii-in-gruen-grau\/#breadcrumb"},"inLanguage":"de","potentialAction":[{"@type":"ReadAction","target":["https:\/\/royalwell.demannenachterdeschermen.nl\/de\/produkt\/wandgewaechshaus-emma-ii-in-gruen-grau\/"]}]},{"@type":"ImageObject","inLanguage":"de","@id":"https:\/\/royalwell.demannenachterdeschermen.nl\/de\/produkt\/wandgewaechshaus-emma-ii-in-gruen-grau\/#primaryimage","url":"https:\/\/royalwell.demannenachterdeschermen.nl\/wp-content\/uploads\/2025\/01\/08718215761327_F1-scaled.jpg","contentUrl":"https:\/\/royalwell.demannenachterdeschermen.nl\/wp-content\/uploads\/2025\/01\/08718215761327_F1-scaled.jpg","width":1707,"height":2560},{"@type":"BreadcrumbList","@id":"https:\/\/royalwell.demannenachterdeschermen.nl\/de\/produkt\/wandgewaechshaus-emma-ii-in-gruen-grau\/#breadcrumb","itemListElement":[{"@type":"ListItem","position":1,"name":"Home","item":"https:\/\/royalwell.demannenachterdeschermen.nl\/de\/"},{"@type":"ListItem","position":2,"name":"Assortiment","item":"https:\/\/royalwell.demannenachterdeschermen.nl\/assortiment\/"},{"@type":"ListItem","position":3,"name":"Wandgew\u00e4chshaus Emma II in Gr\u00fcn-Grau"}]},{"@type":"WebSite","@id":"https:\/\/royalwell.demannenachterdeschermen.nl\/de\/#website","url":"https:\/\/royalwell.demannenachterdeschermen.nl\/de\/","name":"Royal Well","description":"Tuinkassen, kweekkassen, hobbykassen","potentialAction":[{"@type":"SearchAction","target":{"@type":"EntryPoint","urlTemplate":"https:\/\/royalwell.demannenachterdeschermen.nl\/de\/?s={search_term_string}"},"query-input":{"@type":"PropertyValueSpecification","valueRequired":true,"valueName":"search_term_string"}}],"inLanguage":"de"}]}},"_links":{"self":[{"href":"https:\/\/royalwell.demannenachterdeschermen.nl\/de\/wp-json\/wp\/v2\/product\/241979","targetHints":{"allow":["GET"]}}],"collection":[{"href":"https:\/\/royalwell.demannenachterdeschermen.nl\/de\/wp-json\/wp\/v2\/product"}],"about":[{"href":"https:\/\/royalwell.demannenachterdeschermen.nl\/de\/wp-json\/wp\/v2\/types\/product"}],"wp:featuredmedia":[{"embeddable":true,"href":"https:\/\/royalwell.demannenachterdeschermen.nl\/de\/wp-json\/wp\/v2\/media\/241972"}],"wp:attachment":[{"href":"https:\/\/royalwell.demannenachterdeschermen.nl\/de\/wp-json\/wp\/v2\/media?parent=241979"}],"wp:term":[{"taxonomy":"product_brand","embeddable":true,"href":"https:\/\/royalwell.demannenachterdeschermen.nl\/de\/wp-json\/wp\/v2\/product_brand?post=241979"},{"taxonomy":"product_cat","embeddable":true,"href":"https:\/\/royalwell.demannenachterdeschermen.nl\/de\/wp-json\/wp\/v2\/product_cat?post=241979"},{"taxonomy":"product_tag","embeddable":true,"href":"https:\/\/royalwell.demannenachterdeschermen.nl\/de\/wp-json\/wp\/v2\/product_tag?post=241979"}],"curies":[{"name":"wp","href":"https:\/\/api.w.org\/{rel}","templated":true}]}}